{"id":19310,"date":"2023-07-09T11:14:18","date_gmt":"2023-07-09T09:14:18","guid":{"rendered":"https:\/\/cilisupport.com\/cilihome\/impressao\/"},"modified":"2024-11-03T10:50:44","modified_gmt":"2024-11-03T09:50:44","slug":"impressao","status":"publish","type":"page","link":"https:\/\/goldenwavesupport.info\/pt-pt\/cilihome\/impressao\/","title":{"rendered":"Impress\u00e3o"},"content":{"rendered":"<div class=\"cog-row\">\n<div class=\"cog-col cog-col--24\">\n<div class=\"cog-content cog-html cog-input\">\n<h3><span class=\"ez-toc-section\" id=\"Endereco-para-contacto\"><\/span>Endere\u00e7o para contacto<span class=\"ez-toc-section-end\"><\/span><\/h3>\n<p>Golden Wave Int. Irchelstrasse 24 8172 Niederglatt<\/p>\n<p align=\"left\"><strong>e-mail:<\/strong><br \/>\n<a href=\"https:\/\/goldenwavesupport.info\/pt-pt\/contacta-nos\/\">Formul\u00e1rio de contacto<\/a><\/p>\n<h3><span class=\"ez-toc-section\" id=\"Registo-comercial\"><\/span><span class=\"ff2 fc0 fs10 \">Registo comercial<br \/>\n<\/span><span class=\"ez-toc-section-end\"><\/span><\/h3>\n<p><span class=\"ff2 fc0 fs10 \">Golden Wave Int. <\/span><span class=\"ff2 fc0 fs10 \"><br \/>\nest\u00e1 inscrita no registo comercial CH-020.1.054.563-2<br \/>\n<\/span><\/p>\n<h3><span class=\"ez-toc-section\" id=\"Responsavel-pelo-conteudo\"><\/span><strong>Respons\u00e1vel pelo conte\u00fado:<\/strong><span class=\"ez-toc-section-end\"><\/span><\/h3>\n<p align=\"left\">C<strong>onte\u00fado:<\/strong> Golden Wave Int.<\/p>\n<p align=\"left\">C<strong>once\u00e7\u00e3o do s\u00edtio Web:<\/strong> WIBSS Informatik Sulke<\/p>\n<p align=\"left\">A<strong>dministrador t\u00e9cnico:<\/strong> WIBSS Informatik Sulke<\/p>\n<p align=\"left\"><strong><br \/>\nFotografias:<\/strong>Fotolia \/ licen\u00e7a livre \/ Golden Wave Int.<strong><a href=\"https:\/\/www.fotolia.com\/\"><br \/>\n<\/a><\/strong><\/p>\n<p>&nbsp;<\/p>\n<h3><span class=\"ez-toc-section\" id=\"Isencao-de-responsabilidade\"><\/span>Isen\u00e7\u00e3o de responsabilidade<span class=\"ez-toc-section-end\"><\/span><\/h3>\n<p>O autor n\u00e3o assume qualquer responsabilidade pela corre\u00e7\u00e3o, exatid\u00e3o, atualidade, fiabilidade e integridade das informa\u00e7\u00f5es fornecidas. Est\u00e3o exclu\u00eddos os pedidos de indemniza\u00e7\u00e3o contra o autor por danos de natureza material ou imaterial resultantes do acesso, utiliza\u00e7\u00e3o ou n\u00e3o utiliza\u00e7\u00e3o das informa\u00e7\u00f5es publicadas, da m\u00e1 utiliza\u00e7\u00e3o da liga\u00e7\u00e3o ou de falhas t\u00e9cnicas. Todas as ofertas n\u00e3o s\u00e3o vinculativas. O autor reserva-se expressamente o direito de alterar, completar ou eliminar partes das p\u00e1ginas ou a totalidade da oferta sem aviso pr\u00e9vio ou de suspender tempor\u00e1ria ou definitivamente a publica\u00e7\u00e3o.<\/p>\n<h3><span class=\"ez-toc-section\" id=\"Responsabilidade-pelas-ligacoes\"><\/span>Responsabilidade pelas liga\u00e7\u00f5es<span class=\"ez-toc-section-end\"><\/span><\/h3>\n<p>As refer\u00eancias e liga\u00e7\u00f5es a s\u00edtios Web de terceiros est\u00e3o fora da nossa \u00e1rea de responsabilidade e n\u00e3o aceitamos qualquer responsabilidade por esses s\u00edtios Web. O acesso e a utiliza\u00e7\u00e3o desses s\u00edtios Web s\u00e3o da responsabilidade do utilizador.<\/p>\n<h3><span class=\"ez-toc-section\" id=\"Direitos-de-autor\"><\/span>Direitos de autor<span class=\"ez-toc-section-end\"><\/span><\/h3>\n<p>Os direitos de autor e todos os outros direitos relativos aos conte\u00fados, imagens, fotografias ou outros ficheiros do s\u00edtio Web pertencem exclusivamente <strong>\u00e0 Golden Wave Int.<\/strong> ou <strong>aos<\/strong> titulares dos direitos especificamente designados. Para a reprodu\u00e7\u00e3o de quaisquer elementos, \u00e9 necess\u00e1rio obter previamente o consentimento escrito do titular dos direitos de autor.<\/p>\n<\/div>\n<\/div>\n<\/div>\n<p>[gzd_complaints]<\/p>\n","protected":false},"excerpt":{"rendered":"<p>Endere\u00e7o para contacto Golden Wave Int. Irchelstrasse 24 8172 Niederglatt e-mail: Formul\u00e1rio de contacto Registo comercial Golden Wave Int. est\u00e1 inscrita no registo comercial CH-020.1.054.563-2 Respons\u00e1vel pelo conte\u00fado: Conte\u00fado: Golden&hellip; <br \/> <a class=\"button small blue\" href=\"https:\/\/goldenwavesupport.info\/pt-pt\/cilihome\/impressao\/\">Ler mais<\/a><\/p>\n","protected":false},"author":393,"featured_media":0,"parent":19307,"menu_order":0,"comment_status":"closed","ping_status":"closed","template":"","meta":{"footnotes":""},"class_list":["post-19310","page","type-page","status-publish","hentry"],"_links":{"self":[{"href":"https:\/\/goldenwavesupport.info\/pt-pt\/wp-json\/wp\/v2\/pages\/19310","targetHints":{"allow":["GET"]}}],"collection":[{"href":"https:\/\/goldenwavesupport.info\/pt-pt\/wp-json\/wp\/v2\/pages"}],"about":[{"href":"https:\/\/goldenwavesupport.info\/pt-pt\/wp-json\/wp\/v2\/types\/page"}],"author":[{"embeddable":true,"href":"https:\/\/goldenwavesupport.info\/pt-pt\/wp-json\/wp\/v2\/users\/393"}],"replies":[{"embeddable":true,"href":"https:\/\/goldenwavesupport.info\/pt-pt\/wp-json\/wp\/v2\/comments?post=19310"}],"version-history":[{"count":0,"href":"https:\/\/goldenwavesupport.info\/pt-pt\/wp-json\/wp\/v2\/pages\/19310\/revisions"}],"up":[{"embeddable":true,"href":"https:\/\/goldenwavesupport.info\/pt-pt\/wp-json\/wp\/v2\/pages\/19307"}],"wp:attachment":[{"href":"https:\/\/goldenwavesupport.info\/pt-pt\/wp-json\/wp\/v2\/media?parent=19310"}],"curies":[{"name":"wp","href":"https:\/\/api.w.org\/{rel}","templated":true}]}}